
{"id":16,"date":"2015-12-19T09:10:33","date_gmt":"2015-12-19T09:10:33","guid":{"rendered":"http:\/\/sitgeslegaladvice.com\/noticias\/?lang=en"},"modified":"2019-04-05T20:01:39","modified_gmt":"2019-04-05T20:01:39","slug":"noticias","status":"publish","type":"page","link":"https:\/\/sitgeslegaladvice.com\/en\/noticias\/","title":{"rendered":"Noticias"},"content":{"rendered":"<section class=\"l-section wpb_row height_medium\"><div class=\"l-section-h g-html i-cf\"><div class=\"g-cols offset_small\"><div class=\" full-width\"><div class=\"w-blog layout_smallsquare\"><div class=\"w-blog-list\">\r\n\r\n<div class=\"w-blog-post post-1252 post type-post status-publish format-standard has-post-thumbnail hentry category-uncategorized\">\r\n\t<div class=\"w-blog-post-h\">\r\n\t\t<a class=\"w-blog-post-link\" href=\"https:\/\/sitgeslegaladvice.com\/en\/spain-to-scrap-golden-visas-for-foreign-real-estate-investors\/\">\r\n\t\t\t<span class=\"w-blog-post-preview\">\r\n\t\t\t\t<img loading=\"lazy\" decoding=\"async\" width=\"350\" height=\"350\" src=\"https:\/\/sitgeslegaladvice.com\/wp-content\/uploads\/IMG_1208-350x350.jpg\" class=\"attachment-tnail-1x1-small size-tnail-1x1-small wp-post-image\" alt=\"\" srcset=\"https:\/\/sitgeslegaladvice.com\/wp-content\/uploads\/IMG_1208-350x350.jpg 350w, https:\/\/sitgeslegaladvice.com\/wp-content\/uploads\/IMG_1208-150x150.jpg 150w\" sizes=\"auto, (max-width: 350px) 100vw, 350px\" \/>\t\t\t\t<span class=\"w-blog-post-preview-icon\"><\/span>\r\n\t\t\t<\/span>\r\n\t\t\t<h2 class=\"w-blog-post-title\">\r\n\t\t\t\t<span class=\"entry-title\">Spain to scrap &#8216;golden visas&#8217; for foreign real estate investors<\/span>\r\n\t\t\t<\/h2>\r\n\t\t<\/a>\r\n\t\t<div class=\"w-blog-post-body\">\r\n\t\t\t<div class=\"w-blog-post-meta\">\r\n\t\t\t\t<time class=\"w-blog-post-meta-date date updated\">10 April, 2024<\/time><span class=\"w-blog-post-meta-author vcard author hidden\"><span class=\"fn\">Alicia Pascasio<\/span><\/span>\t\t\t<\/div>\r\n\t\t\t<div class=\"w-blog-post-content\">\r\n\t\t\t\t<p>MADRID, April 8 (Reuters) &#8211; Spain will scrap its so-called &#8220;golden visa&#8221; programme granting residency rights to foreigners who make large investments in real estate in the country, Prime Minister Pedro Sanchez told reporters on Monday. Ending the scheme would help make access to affordable housing &#8220;a right instead of a speculative business&#8221;, Sanchez said&#8230;.<\/p>\n\t\t\t<\/div>\r\n\t\t\t<a class=\"w-blog-post-more w-btn\" href=\"https:\/\/sitgeslegaladvice.com\/en\/spain-to-scrap-golden-visas-for-foreign-real-estate-investors\/\"><span class=\"w-btn-label\">Read More<\/span><\/a>\r\n\t\t<\/div>\r\n\t<\/div>\r\n<\/div>\r\n\r\n\r\n\n\r\n\r\n<div class=\"w-blog-post post-1154 post type-post status-publish format-standard has-post-thumbnail hentry category-noticias category-uncategorized\">\r\n\t<div class=\"w-blog-post-h\">\r\n\t\t<a class=\"w-blog-post-link\" href=\"https:\/\/sitgeslegaladvice.com\/en\/im-british-brexit-and-the-right-to-reside-in-spain\/\">\r\n\t\t\t<span class=\"w-blog-post-preview\">\r\n\t\t\t\t<img loading=\"lazy\" decoding=\"async\" width=\"350\" height=\"350\" src=\"https:\/\/sitgeslegaladvice.com\/wp-content\/uploads\/Captura-de-pantalla-2021-02-21-a-las-11.04.17-350x350.png\" class=\"attachment-tnail-1x1-small size-tnail-1x1-small wp-post-image\" alt=\"\" srcset=\"https:\/\/sitgeslegaladvice.com\/wp-content\/uploads\/Captura-de-pantalla-2021-02-21-a-las-11.04.17-350x350.png 350w, https:\/\/sitgeslegaladvice.com\/wp-content\/uploads\/Captura-de-pantalla-2021-02-21-a-las-11.04.17-150x150.png 150w\" sizes=\"auto, (max-width: 350px) 100vw, 350px\" \/>\t\t\t\t<span class=\"w-blog-post-preview-icon\"><\/span>\r\n\t\t\t<\/span>\r\n\t\t\t<h2 class=\"w-blog-post-title\">\r\n\t\t\t\t<span class=\"entry-title\">I&#8217;m british: Brexit and the right to reside in Spain<\/span>\r\n\t\t\t<\/h2>\r\n\t\t<\/a>\r\n\t\t<div class=\"w-blog-post-body\">\r\n\t\t\t<div class=\"w-blog-post-meta\">\r\n\t\t\t\t<time class=\"w-blog-post-meta-date date updated\">21 February, 2021<\/time><span class=\"w-blog-post-meta-author vcard author hidden\"><span class=\"fn\">Alicia Pascasio<\/span><\/span>\t\t\t<\/div>\r\n\t\t\t<div class=\"w-blog-post-content\">\r\n\t\t\t\t<p>Information for United Kingdom nationals residing in Spain and their families The Withdrawal Agreement provides for the establishment of a transitional period from 1 February 2020, the date on which the departure of the United Kingdom from the EU took effect, until 31 December 2020. Under its terms, all UK nationals and their families, third-country&#8230;<\/p>\n\t\t\t<\/div>\r\n\t\t\t<a class=\"w-blog-post-more w-btn\" href=\"https:\/\/sitgeslegaladvice.com\/en\/im-british-brexit-and-the-right-to-reside-in-spain\/\"><span class=\"w-btn-label\">Read More<\/span><\/a>\r\n\t\t<\/div>\r\n\t<\/div>\r\n<\/div>\r\n\r\n\r\n\n\r\n\r\n<div class=\"w-blog-post post-1112 post type-post status-publish format-standard has-post-thumbnail hentry category-uncategorized\">\r\n\t<div class=\"w-blog-post-h\">\r\n\t\t<a class=\"w-blog-post-link\" href=\"https:\/\/sitgeslegaladvice.com\/en\/qa-what-brits-in-spain-need-to-know-about-the-new-brexit-friendly-residency-card\/\">\r\n\t\t\t<span class=\"w-blog-post-preview\">\r\n\t\t\t\t<img loading=\"lazy\" decoding=\"async\" width=\"350\" height=\"350\" src=\"https:\/\/sitgeslegaladvice.com\/wp-content\/uploads\/brexit-shutterstock2-350x350.jpg\" class=\"attachment-tnail-1x1-small size-tnail-1x1-small wp-post-image\" alt=\"\" srcset=\"https:\/\/sitgeslegaladvice.com\/wp-content\/uploads\/brexit-shutterstock2-350x350.jpg 350w, https:\/\/sitgeslegaladvice.com\/wp-content\/uploads\/brexit-shutterstock2-150x150.jpg 150w, https:\/\/sitgeslegaladvice.com\/wp-content\/uploads\/brexit-shutterstock2-600x600.jpg 600w\" sizes=\"auto, (max-width: 350px) 100vw, 350px\" \/>\t\t\t\t<span class=\"w-blog-post-preview-icon\"><\/span>\r\n\t\t\t<\/span>\r\n\t\t\t<h2 class=\"w-blog-post-title\">\r\n\t\t\t\t<span class=\"entry-title\">Q&#038;A: What Brits in Spain need to know about the new Brexit-friendly residency card<\/span>\r\n\t\t\t<\/h2>\r\n\t\t<\/a>\r\n\t\t<div class=\"w-blog-post-body\">\r\n\t\t\t<div class=\"w-blog-post-meta\">\r\n\t\t\t\t<time class=\"w-blog-post-meta-date date updated\">7 September, 2020<\/time><span class=\"w-blog-post-meta-author vcard author hidden\"><span class=\"fn\">Alicia Pascasio<\/span><\/span>\t\t\t<\/div>\r\n\t\t\t<div class=\"w-blog-post-content\">\r\n\t\t\t\tNow that the Spanish government has confirmed the issuing of the new TIE card for UK citizens in Spain, we answer some of the most pertinent questions relating to this new residency document. In its\u00a0latest government bulletin, the Spanish government has addressed the matter of rights and documentation for Brits living in Spain that are...\t\t\t<\/div>\r\n\t\t\t<a class=\"w-blog-post-more w-btn\" href=\"https:\/\/sitgeslegaladvice.com\/en\/qa-what-brits-in-spain-need-to-know-about-the-new-brexit-friendly-residency-card\/\"><span class=\"w-btn-label\">Read More<\/span><\/a>\r\n\t\t<\/div>\r\n\t<\/div>\r\n<\/div>\r\n\r\n\r\n\n\r\n\r\n<div class=\"w-blog-post post-1094 post type-post status-publish format-standard has-post-thumbnail hentry category-uncategorized\">\r\n\t<div class=\"w-blog-post-h\">\r\n\t\t<a class=\"w-blog-post-link\" href=\"https:\/\/sitgeslegaladvice.com\/en\/sitges-anytime\/\">\r\n\t\t\t<span class=\"w-blog-post-preview\">\r\n\t\t\t\t<img loading=\"lazy\" decoding=\"async\" width=\"350\" height=\"350\" src=\"https:\/\/sitgeslegaladvice.com\/wp-content\/uploads\/Captura-de-pantalla-2020-04-20-a-las-15.30.15-350x350.png\" class=\"attachment-tnail-1x1-small size-tnail-1x1-small wp-post-image\" alt=\"\" srcset=\"https:\/\/sitgeslegaladvice.com\/wp-content\/uploads\/Captura-de-pantalla-2020-04-20-a-las-15.30.15-350x350.png 350w, https:\/\/sitgeslegaladvice.com\/wp-content\/uploads\/Captura-de-pantalla-2020-04-20-a-las-15.30.15-150x150.png 150w\" sizes=\"auto, (max-width: 350px) 100vw, 350px\" \/>\t\t\t\t<span class=\"w-blog-post-preview-icon\"><\/span>\r\n\t\t\t<\/span>\r\n\t\t\t<h2 class=\"w-blog-post-title\">\r\n\t\t\t\t<span class=\"entry-title\">Sitges Anytime<\/span>\r\n\t\t\t<\/h2>\r\n\t\t<\/a>\r\n\t\t<div class=\"w-blog-post-body\">\r\n\t\t\t<div class=\"w-blog-post-meta\">\r\n\t\t\t\t<time class=\"w-blog-post-meta-date date updated\">22 April, 2020<\/time><span class=\"w-blog-post-meta-author vcard author hidden\"><span class=\"fn\">Alicia Pascasio<\/span><\/span>\t\t\t<\/div>\r\n\t\t\t<div class=\"w-blog-post-content\">\r\n\t\t\t\tA Motion Picture Perfect Sitges, the new inspirational video from Sitges Tourism Under the slogan \u201cSitges Anytime - a Motion Picture Perfect Sitges\u201d, the Sitges Town Council\u2019s Department of Tourism presents a new video aimed at reinforcing Sitges\u2019 presence in priority and near-home markets.\t\t\t<\/div>\r\n\t\t\t<a class=\"w-blog-post-more w-btn\" href=\"https:\/\/sitgeslegaladvice.com\/en\/sitges-anytime\/\"><span class=\"w-btn-label\">Read More<\/span><\/a>\r\n\t\t<\/div>\r\n\t<\/div>\r\n<\/div>\r\n\r\n\r\n\n\r\n\r\n<div class=\"w-blog-post post-912 post type-post status-publish format-standard has-post-thumbnail hentry category-uncategorized\">\r\n\t<div class=\"w-blog-post-h\">\r\n\t\t<a class=\"w-blog-post-link\" href=\"https:\/\/sitgeslegaladvice.com\/en\/foreign-investments-in-catalonia-in-2016-reach-e4-8-billion\/\">\r\n\t\t\t<span class=\"w-blog-post-preview\">\r\n\t\t\t\t<img loading=\"lazy\" decoding=\"async\" width=\"350\" height=\"350\" src=\"https:\/\/sitgeslegaladvice.com\/wp-content\/uploads\/mediterranean-sea-5048018_1920-350x350.jpg\" class=\"attachment-tnail-1x1-small size-tnail-1x1-small wp-post-image\" alt=\"\" srcset=\"https:\/\/sitgeslegaladvice.com\/wp-content\/uploads\/mediterranean-sea-5048018_1920-350x350.jpg 350w, https:\/\/sitgeslegaladvice.com\/wp-content\/uploads\/mediterranean-sea-5048018_1920-150x150.jpg 150w, https:\/\/sitgeslegaladvice.com\/wp-content\/uploads\/mediterranean-sea-5048018_1920-600x600.jpg 600w\" sizes=\"auto, (max-width: 350px) 100vw, 350px\" \/>\t\t\t\t<span class=\"w-blog-post-preview-icon\"><\/span>\r\n\t\t\t<\/span>\r\n\t\t\t<h2 class=\"w-blog-post-title\">\r\n\t\t\t\t<span class=\"entry-title\">Foreign investments in Catalonia in 2016 reach \u20ac4.8 billion<\/span>\r\n\t\t\t<\/h2>\r\n\t\t<\/a>\r\n\t\t<div class=\"w-blog-post-body\">\r\n\t\t\t<div class=\"w-blog-post-meta\">\r\n\t\t\t\t<time class=\"w-blog-post-meta-date date updated\">18 May, 2017<\/time><span class=\"w-blog-post-meta-author vcard author hidden\"><span class=\"fn\">Alicia Pascasio<\/span><\/span>\t\t\t<\/div>\r\n\t\t\t<div class=\"w-blog-post-content\">\r\n\t\t\t\t<p>Madrid (CNA).- 2016 marked the second best year in the historic series in terms of foreign investment in Catalonia, totaling \u20ac4.8 billion. This figure is 1.3% lower than that registered in 2015, when foreign investment saw a historic 57.8% growth in comparison to the previous year. Thus, the figures released this Tuesday by the Spanish&#8230;<\/p>\n\t\t\t<\/div>\r\n\t\t\t<a class=\"w-blog-post-more w-btn\" href=\"https:\/\/sitgeslegaladvice.com\/en\/foreign-investments-in-catalonia-in-2016-reach-e4-8-billion\/\"><span class=\"w-btn-label\">Read More<\/span><\/a>\r\n\t\t<\/div>\r\n\t<\/div>\r\n<\/div>\r\n\r\n\r\n\n\r\n\r\n<div class=\"w-blog-post post-872 post type-post status-publish format-standard has-post-thumbnail hentry category-uncategorized\">\r\n\t<div class=\"w-blog-post-h\">\r\n\t\t<a class=\"w-blog-post-link\" href=\"https:\/\/sitgeslegaladvice.com\/en\/repercusion-del-ibi-al-comprador-cuando-no-existe-pacto-expreso-en-contrario\/\">\r\n\t\t\t<span class=\"w-blog-post-preview\">\r\n\t\t\t\t<img loading=\"lazy\" decoding=\"async\" width=\"350\" height=\"350\" src=\"https:\/\/sitgeslegaladvice.com\/wp-content\/uploads\/IBI-350x350.jpg\" class=\"attachment-tnail-1x1-small size-tnail-1x1-small wp-post-image\" alt=\"\" srcset=\"https:\/\/sitgeslegaladvice.com\/wp-content\/uploads\/IBI-350x350.jpg 350w, https:\/\/sitgeslegaladvice.com\/wp-content\/uploads\/IBI-150x150.jpg 150w\" sizes=\"auto, (max-width: 350px) 100vw, 350px\" \/>\t\t\t\t<span class=\"w-blog-post-preview-icon\"><\/span>\r\n\t\t\t<\/span>\r\n\t\t\t<h2 class=\"w-blog-post-title\">\r\n\t\t\t\t<span class=\"entry-title\">Repercusi\u00f3n del IBI al comprador cuando no existe pacto expreso en contrario<\/span>\r\n\t\t\t<\/h2>\r\n\t\t<\/a>\r\n\t\t<div class=\"w-blog-post-body\">\r\n\t\t\t<div class=\"w-blog-post-meta\">\r\n\t\t\t\t<time class=\"w-blog-post-meta-date date updated\">30 September, 2016<\/time><span class=\"w-blog-post-meta-author vcard author hidden\"><span class=\"fn\">oro<\/span><\/span>\t\t\t<\/div>\r\n\t\t\t<div class=\"w-blog-post-content\">\r\n\t\t\t\t<p>Como es sabido, el IBI es un impuesto que grava una serie de derechos, entre los que se encuentra el de propiedad, sobre un bien inmueble, ya sea r\u00fastico o urbano, en el que el sujeto pasivo es quien ostente la titularidad del derecho en el momento de su devengo. Dicho devengo se produce el&#8230;<\/p>\n\t\t\t<\/div>\r\n\t\t\t<a class=\"w-blog-post-more w-btn\" href=\"https:\/\/sitgeslegaladvice.com\/en\/repercusion-del-ibi-al-comprador-cuando-no-existe-pacto-expreso-en-contrario\/\"><span class=\"w-btn-label\">Read More<\/span><\/a>\r\n\t\t<\/div>\r\n\t<\/div>\r\n<\/div>\r\n\r\n\r\n\n\r\n\r\n<div class=\"w-blog-post post-864 post type-post status-publish format-standard has-post-thumbnail hentry category-uncategorized\">\r\n\t<div class=\"w-blog-post-h\">\r\n\t\t<a class=\"w-blog-post-link\" href=\"https:\/\/sitgeslegaladvice.com\/en\/tras-el-brexit-los-compradores-britanicos-siguen-con-fuerza-en-el-mercado-espanol\/\">\r\n\t\t\t<span class=\"w-blog-post-preview\">\r\n\t\t\t\t<img loading=\"lazy\" decoding=\"async\" width=\"350\" height=\"350\" src=\"https:\/\/sitgeslegaladvice.com\/wp-content\/uploads\/brexit-shutterstock2-350x350.jpg\" class=\"attachment-tnail-1x1-small size-tnail-1x1-small wp-post-image\" alt=\"\" srcset=\"https:\/\/sitgeslegaladvice.com\/wp-content\/uploads\/brexit-shutterstock2-350x350.jpg 350w, https:\/\/sitgeslegaladvice.com\/wp-content\/uploads\/brexit-shutterstock2-150x150.jpg 150w, https:\/\/sitgeslegaladvice.com\/wp-content\/uploads\/brexit-shutterstock2-600x600.jpg 600w\" sizes=\"auto, (max-width: 350px) 100vw, 350px\" \/>\t\t\t\t<span class=\"w-blog-post-preview-icon\"><\/span>\r\n\t\t\t<\/span>\r\n\t\t\t<h2 class=\"w-blog-post-title\">\r\n\t\t\t\t<span class=\"entry-title\">Tras el Brexit, los compradores brit\u00e1nicos siguen con fuerza en el mercado espa\u00f1ol<\/span>\r\n\t\t\t<\/h2>\r\n\t\t<\/a>\r\n\t\t<div class=\"w-blog-post-body\">\r\n\t\t\t<div class=\"w-blog-post-meta\">\r\n\t\t\t\t<time class=\"w-blog-post-meta-date date updated\">30 September, 2016<\/time><span class=\"w-blog-post-meta-author vcard author hidden\"><span class=\"fn\">oro<\/span><\/span>\t\t\t<\/div>\r\n\t\t\t<div class=\"w-blog-post-content\">\r\n\t\t\t\t<p>Los meses de verano son tradicionalmente un per\u00edodo pico para encontrar nuevos compradores en el sector inmobiliario y, por tanto, conforman un potente indicador de la futura evoluci\u00f3n del mercado. Seg\u00fan datos del \u00faltimo informe mensual de Kyero, el primer portal inmobiliario para compradores internacionales en Espa\u00f1a y el mayor generador de consultas para agentes&#8230;<\/p>\n\t\t\t<\/div>\r\n\t\t\t<a class=\"w-blog-post-more w-btn\" href=\"https:\/\/sitgeslegaladvice.com\/en\/tras-el-brexit-los-compradores-britanicos-siguen-con-fuerza-en-el-mercado-espanol\/\"><span class=\"w-btn-label\">Read More<\/span><\/a>\r\n\t\t<\/div>\r\n\t<\/div>\r\n<\/div>\r\n\r\n\r\n\n\r\n\r\n<div class=\"w-blog-post post-856 post type-post status-publish format-standard has-post-thumbnail hentry category-uncategorized\">\r\n\t<div class=\"w-blog-post-h\">\r\n\t\t<a class=\"w-blog-post-link\" href=\"https:\/\/sitgeslegaladvice.com\/en\/los-pisos-turisticos-en-un-bloque-residencial-son-legales-si-no-molestan-al-resto-de-vecinos\/\">\r\n\t\t\t<span class=\"w-blog-post-preview\">\r\n\t\t\t\t<img loading=\"lazy\" decoding=\"async\" width=\"350\" height=\"350\" src=\"https:\/\/sitgeslegaladvice.com\/wp-content\/uploads\/DSC00878-350x350.jpg\" class=\"attachment-tnail-1x1-small size-tnail-1x1-small wp-post-image\" alt=\"\" srcset=\"https:\/\/sitgeslegaladvice.com\/wp-content\/uploads\/DSC00878-350x350.jpg 350w, https:\/\/sitgeslegaladvice.com\/wp-content\/uploads\/DSC00878-150x150.jpg 150w, https:\/\/sitgeslegaladvice.com\/wp-content\/uploads\/DSC00878-600x600.jpg 600w\" sizes=\"auto, (max-width: 350px) 100vw, 350px\" \/>\t\t\t\t<span class=\"w-blog-post-preview-icon\"><\/span>\r\n\t\t\t<\/span>\r\n\t\t\t<h2 class=\"w-blog-post-title\">\r\n\t\t\t\t<span class=\"entry-title\">Los pisos tur\u00edsticos en un bloque residencial son legales si no molestan al resto de vecinos<\/span>\r\n\t\t\t<\/h2>\r\n\t\t<\/a>\r\n\t\t<div class=\"w-blog-post-body\">\r\n\t\t\t<div class=\"w-blog-post-meta\">\r\n\t\t\t\t<time class=\"w-blog-post-meta-date date updated\">20 July, 2016<\/time><span class=\"w-blog-post-meta-author vcard author hidden\"><span class=\"fn\">oro<\/span><\/span>\t\t\t<\/div>\r\n\t\t\t<div class=\"w-blog-post-content\">\r\n\t\t\t\t<p>M\u00e1s le\u00f1a al fuego sobre la creciente explotaci\u00f3n de viviendas residenciales con fines tur\u00edsticos. En esta ocasi\u00f3n ha sido el Tribunal Superior de Justicia de Catalu\u00f1a (TSJC) el que en una sentencia, que puede resultar pol\u00e9mica por la incidencia del aumento de la casu\u00edstica que puede acarrear, ha dado la raz\u00f3n a los propietarios de&#8230;<\/p>\n\t\t\t<\/div>\r\n\t\t\t<a class=\"w-blog-post-more w-btn\" href=\"https:\/\/sitgeslegaladvice.com\/en\/los-pisos-turisticos-en-un-bloque-residencial-son-legales-si-no-molestan-al-resto-de-vecinos\/\"><span class=\"w-btn-label\">Read More<\/span><\/a>\r\n\t\t<\/div>\r\n\t<\/div>\r\n<\/div>\r\n\r\n\r\n\n\r\n\r\n<div class=\"w-blog-post post-859 post type-post status-publish format-standard has-post-thumbnail hentry category-uncategorized\">\r\n\t<div class=\"w-blog-post-h\">\r\n\t\t<a class=\"w-blog-post-link\" href=\"https:\/\/sitgeslegaladvice.com\/en\/equivocar-el-impuesto-a-pagar-anula-el-contrato-de-venta\/\">\r\n\t\t\t<span class=\"w-blog-post-preview\">\r\n\t\t\t\t<img loading=\"lazy\" decoding=\"async\" width=\"350\" height=\"350\" src=\"https:\/\/sitgeslegaladvice.com\/wp-content\/uploads\/error-350x350.jpg\" class=\"attachment-tnail-1x1-small size-tnail-1x1-small wp-post-image\" alt=\"\" srcset=\"https:\/\/sitgeslegaladvice.com\/wp-content\/uploads\/error-350x350.jpg 350w, https:\/\/sitgeslegaladvice.com\/wp-content\/uploads\/error-150x150.jpg 150w\" sizes=\"auto, (max-width: 350px) 100vw, 350px\" \/>\t\t\t\t<span class=\"w-blog-post-preview-icon\"><\/span>\r\n\t\t\t<\/span>\r\n\t\t\t<h2 class=\"w-blog-post-title\">\r\n\t\t\t\t<span class=\"entry-title\">Equivocar el impuesto a pagar anula el contrato de venta<\/span>\r\n\t\t\t<\/h2>\r\n\t\t<\/a>\r\n\t\t<div class=\"w-blog-post-body\">\r\n\t\t\t<div class=\"w-blog-post-meta\">\r\n\t\t\t\t<time class=\"w-blog-post-meta-date date updated\">20 July, 2016<\/time><span class=\"w-blog-post-meta-author vcard author hidden\"><span class=\"fn\">oro<\/span><\/span>\t\t\t<\/div>\r\n\t\t\t<div class=\"w-blog-post-content\">\r\n\t\t\t\t<p>El comprador de un inmueble incumple el contrato y es responsable de los da\u00f1os y perjuicios generados si da una informaci\u00f3n err\u00f3nea al comprador sobre la modalidad de impuesto que grava el contrato, al ser determinante para la vendedora,seg\u00fan establece el Tribunal Supremo en una sentencia, fechada el 11 de mayo de 2016. Una vez&#8230;<\/p>\n\t\t\t<\/div>\r\n\t\t\t<a class=\"w-blog-post-more w-btn\" href=\"https:\/\/sitgeslegaladvice.com\/en\/equivocar-el-impuesto-a-pagar-anula-el-contrato-de-venta\/\"><span class=\"w-btn-label\">Read More<\/span><\/a>\r\n\t\t<\/div>\r\n\t<\/div>\r\n<\/div>\r\n\r\n\r\n\n\r\n\r\n<div class=\"w-blog-post post-858 post type-post status-publish format-standard has-post-thumbnail hentry category-uncategorized\">\r\n\t<div class=\"w-blog-post-h\">\r\n\t\t<a class=\"w-blog-post-link\" href=\"https:\/\/sitgeslegaladvice.com\/en\/la-compraventa-de-viviendas-aumentara-un-10-interanual-en-espana-en-2016\/\">\r\n\t\t\t<span class=\"w-blog-post-preview\">\r\n\t\t\t\t<img loading=\"lazy\" decoding=\"async\" width=\"350\" height=\"350\" src=\"https:\/\/sitgeslegaladvice.com\/wp-content\/uploads\/mercado_inmobiliario_2015-350x350.jpg\" class=\"attachment-tnail-1x1-small size-tnail-1x1-small wp-post-image\" alt=\"\" srcset=\"https:\/\/sitgeslegaladvice.com\/wp-content\/uploads\/mercado_inmobiliario_2015-350x350.jpg 350w, https:\/\/sitgeslegaladvice.com\/wp-content\/uploads\/mercado_inmobiliario_2015-150x150.jpg 150w\" sizes=\"auto, (max-width: 350px) 100vw, 350px\" \/>\t\t\t\t<span class=\"w-blog-post-preview-icon\"><\/span>\r\n\t\t\t<\/span>\r\n\t\t\t<h2 class=\"w-blog-post-title\">\r\n\t\t\t\t<span class=\"entry-title\">La compraventa de viviendas aumentar\u00e1 un 10% interanual en Espa\u00f1a en 2016<\/span>\r\n\t\t\t<\/h2>\r\n\t\t<\/a>\r\n\t\t<div class=\"w-blog-post-body\">\r\n\t\t\t<div class=\"w-blog-post-meta\">\r\n\t\t\t\t<time class=\"w-blog-post-meta-date date updated\">20 July, 2016<\/time><span class=\"w-blog-post-meta-author vcard author hidden\"><span class=\"fn\">oro<\/span><\/span>\t\t\t<\/div>\r\n\t\t\t<div class=\"w-blog-post-content\">\r\n\t\t\t\t<p>Seg\u00fan se desprende del segundo informe &#8220;Mercado residencial en Espa\u00f1a&#8221; elaborado por Servihabitat, servicer independiente de referencia para la gesti\u00f3n de activos financieros e inmobiliarios, la recuperaci\u00f3n del mercado residencial espa\u00f1ol se consolida a ritmos moderados pero sostenidos. El estudio, realizado por el Observatorio Servihabitat Trends con el objetivo de analizar la evoluci\u00f3n y las&#8230;<\/p>\n\t\t\t<\/div>\r\n\t\t\t<a class=\"w-blog-post-more w-btn\" href=\"https:\/\/sitgeslegaladvice.com\/en\/la-compraventa-de-viviendas-aumentara-un-10-interanual-en-espana-en-2016\/\"><span class=\"w-btn-label\">Read More<\/span><\/a>\r\n\t\t<\/div>\r\n\t<\/div>\r\n<\/div>\r\n\r\n\r\n\n<\/div><\/div><\/div><\/div><\/div><\/section>\n","protected":false},"excerpt":{"rendered":"Seg\u00fan se desprende del segundo informe \"Mercado residencial en Espa\u00f1a\" elaborado por Servihabitat, servicer independiente de referencia para la gesti\u00f3n de activos financieros e inmobiliarios, la recuperaci\u00f3n del mercado residencial espa\u00f1ol se consolida a ritmos moderados pero sostenidos. El estudio, realizado por el Observatorio Servihabitat Trends con el objetivo de analizar la evoluci\u00f3n y las...","protected":false},"author":1,"featured_media":0,"parent":0,"menu_order":0,"comment_status":"closed","ping_status":"closed","template":"","meta":{"footnotes":""},"class_list":["post-16","page","type-page","status-publish","hentry"],"_links":{"self":[{"href":"https:\/\/sitgeslegaladvice.com\/en\/wp-json\/wp\/v2\/pages\/16","targetHints":{"allow":["GET"]}}],"collection":[{"href":"https:\/\/sitgeslegaladvice.com\/en\/wp-json\/wp\/v2\/pages"}],"about":[{"href":"https:\/\/sitgeslegaladvice.com\/en\/wp-json\/wp\/v2\/types\/page"}],"author":[{"embeddable":true,"href":"https:\/\/sitgeslegaladvice.com\/en\/wp-json\/wp\/v2\/users\/1"}],"replies":[{"embeddable":true,"href":"https:\/\/sitgeslegaladvice.com\/en\/wp-json\/wp\/v2\/comments?post=16"}],"version-history":[{"count":15,"href":"https:\/\/sitgeslegaladvice.com\/en\/wp-json\/wp\/v2\/pages\/16\/revisions"}],"predecessor-version":[{"id":964,"href":"https:\/\/sitgeslegaladvice.com\/en\/wp-json\/wp\/v2\/pages\/16\/revisions\/964"}],"wp:attachment":[{"href":"https:\/\/sitgeslegaladvice.com\/en\/wp-json\/wp\/v2\/media?parent=16"}],"curies":[{"name":"wp","href":"https:\/\/api.w.org\/{rel}","templated":true}]}}